{"version":"1.0","provider_name":"Soci\u00e9t\u00e9 de logement communautaire d\u2019Ottawa","provider_url":"https:\/\/www.och-lco.ca\/fr\/","author_name":"Scott Buckingham","author_url":"https:\/\/www.och-lco.ca\/fr\/author\/wuo5ktiwlcj1ifqd198\/","title":"AVIS D\u2019ASSEMBL\u00c9E G\u00c9N\u00c9RALE ANNUELLE 2018 - Soci\u00e9t\u00e9 de logement communautaire d\u2019Ottawa","type":"rich","width":600,"height":338,"html":"<blockquote class=\"wp-embedded-content\" data-secret=\"sFaZTWg7Aa\"><a href=\"https:\/\/www.och-lco.ca\/fr\/avis-dassemblee-generale-annuelle\/\">AVIS D\u2019ASSEMBL\u00c9E G\u00c9N\u00c9RALE ANNUELLE 2018<\/a><\/blockquote><iframe sandbox=\"allow-scripts\" security=\"restricted\" src=\"https:\/\/www.och-lco.ca\/fr\/avis-dassemblee-generale-annuelle\/embed\/#?secret=sFaZTWg7Aa\" width=\"600\" height=\"338\" title=\"\u00ab\u00a0AVIS D\u2019ASSEMBL\u00c9E G\u00c9N\u00c9RALE ANNUELLE 2018\u00a0\u00bb &#8212; Soci\u00e9t\u00e9 de logement communautaire d\u2019Ottawa\" data-secret=\"sFaZTWg7Aa\" frameborder=\"0\" marginwidth=\"0\" marginheight=\"0\" scrolling=\"no\" class=\"wp-embedded-content\"><\/iframe><script type=\"text\/javascript\">\n\/* <![CDATA[ *\/\n\/*! This file is auto-generated *\/\n!function(d,l){\"use strict\";l.querySelector&&d.addEventListener&&\"undefined\"!=typeof URL&&(d.wp=d.wp||{},d.wp.receiveEmbedMessage||(d.wp.receiveEmbedMessage=function(e){var t=e.data;if((t||t.secret||t.message||t.value)&&!\/[^a-zA-Z0-9]\/.test(t.secret)){for(var s,r,n,a=l.querySelectorAll('iframe[data-secret=\"'+t.secret+'\"]'),o=l.querySelectorAll('blockquote[data-secret=\"'+t.secret+'\"]'),c=new RegExp(\"^https?:$\",\"i\"),i=0;i<o.length;i++)o[i].style.display=\"none\";for(i=0;i<a.length;i++)s=a[i],e.source===s.contentWindow&&(s.removeAttribute(\"style\"),\"height\"===t.message?(1e3<(r=parseInt(t.value,10))?r=1e3:~~r<200&&(r=200),s.height=r):\"link\"===t.message&&(r=new URL(s.getAttribute(\"src\")),n=new URL(t.value),c.test(n.protocol))&&n.host===r.host&&l.activeElement===s&&(d.top.location.href=t.value))}},d.addEventListener(\"message\",d.wp.receiveEmbedMessage,!1),l.addEventListener(\"DOMContentLoaded\",function(){for(var e,t,s=l.querySelectorAll(\"iframe.wp-embedded-content\"),r=0;r<s.length;r++)(t=(e=s[r]).getAttribute(\"data-secret\"))||(t=Math.random().toString(36).substring(2,12),e.src+=\"#?secret=\"+t,e.setAttribute(\"data-secret\",t)),e.contentWindow.postMessage({message:\"ready\",secret:t},\"*\")},!1)))}(window,document);\n\/\/# sourceURL=https:\/\/www.och-lco.ca\/wp-includes\/js\/wp-embed.min.js\n\/* ]]> *\/\n<\/script>\n","description":"Chaque jour, des milliers de r\u00e9sidents d\u2019Ottawa d\u00e9pendent de notre engagement \u00e0 leur assurer un logement s\u00e9curitaire et abordable. LCO poursuit sa mission en tant que chef de file en mati\u00e8re de logement de qualit\u00e9 \u00e0 prix abordable. LCO collabore avec d\u2019autres intervenants au d\u00e9veloppement de communaut\u00e9s saines et s\u00e9curitaires. LCO est un propri\u00e9taire d\u2019immeubles...","thumbnail_url":"https:\/\/www.och-lco.ca\/wp-content\/uploads\/2023\/10\/Site-image-Yoast-SEO-.png","thumbnail_width":1200,"thumbnail_height":675}