{"version":"1.0","provider_name":"Soci\u00e9t\u00e9 de logement communautaire d\u2019Ottawa","provider_url":"https:\/\/www.och-lco.ca\/fr\/","author_name":"Scott Buckingham","author_url":"https:\/\/www.och-lco.ca\/fr\/author\/wuo5ktiwlcj1ifqd198\/","title":"Communiqu\u00e9 de presse : Deuxi\u00e8me camion pour le programme de livraison de repas de La Mission d\u2019Ottawa - Soci\u00e9t\u00e9 de logement communautaire d\u2019Ottawa","type":"rich","width":600,"height":338,"html":"<blockquote class=\"wp-embedded-content\" data-secret=\"oPoQAdiryj\"><a href=\"https:\/\/www.och-lco.ca\/fr\/deuxieme-camino\/\">Communiqu\u00e9 de presse : Deuxi\u00e8me camion pour le programme de livraison de repas de La Mission d\u2019Ottawa<\/a><\/blockquote><iframe sandbox=\"allow-scripts\" security=\"restricted\" src=\"https:\/\/www.och-lco.ca\/fr\/deuxieme-camino\/embed\/#?secret=oPoQAdiryj\" width=\"600\" height=\"338\" title=\"\u00ab\u00a0Communiqu\u00e9 de presse : Deuxi\u00e8me camion pour le programme de livraison de repas de La Mission d\u2019Ottawa\u00a0\u00bb &#8212; Soci\u00e9t\u00e9 de logement communautaire d\u2019Ottawa\" data-secret=\"oPoQAdiryj\" frameborder=\"0\" marginwidth=\"0\" marginheight=\"0\" scrolling=\"no\" class=\"wp-embedded-content\"><\/iframe><script type=\"text\/javascript\">\n\/* <![CDATA[ *\/\n\/*! This file is auto-generated *\/\n!function(d,l){\"use strict\";l.querySelector&&d.addEventListener&&\"undefined\"!=typeof URL&&(d.wp=d.wp||{},d.wp.receiveEmbedMessage||(d.wp.receiveEmbedMessage=function(e){var t=e.data;if((t||t.secret||t.message||t.value)&&!\/[^a-zA-Z0-9]\/.test(t.secret)){for(var s,r,n,a=l.querySelectorAll('iframe[data-secret=\"'+t.secret+'\"]'),o=l.querySelectorAll('blockquote[data-secret=\"'+t.secret+'\"]'),c=new RegExp(\"^https?:$\",\"i\"),i=0;i<o.length;i++)o[i].style.display=\"none\";for(i=0;i<a.length;i++)s=a[i],e.source===s.contentWindow&&(s.removeAttribute(\"style\"),\"height\"===t.message?(1e3<(r=parseInt(t.value,10))?r=1e3:~~r<200&&(r=200),s.height=r):\"link\"===t.message&&(r=new URL(s.getAttribute(\"src\")),n=new URL(t.value),c.test(n.protocol))&&n.host===r.host&&l.activeElement===s&&(d.top.location.href=t.value))}},d.addEventListener(\"message\",d.wp.receiveEmbedMessage,!1),l.addEventListener(\"DOMContentLoaded\",function(){for(var e,t,s=l.querySelectorAll(\"iframe.wp-embedded-content\"),r=0;r<s.length;r++)(t=(e=s[r]).getAttribute(\"data-secret\"))||(t=Math.random().toString(36).substring(2,12),e.src+=\"#?secret=\"+t,e.setAttribute(\"data-secret\",t)),e.contentWindow.postMessage({message:\"ready\",secret:t},\"*\")},!1)))}(window,document);\n\/\/# sourceURL=https:\/\/www.och-lco.ca\/wp-includes\/js\/wp-embed.min.js\n\/* ]]> *\/\n<\/script>\n","thumbnail_url":"https:\/\/www.och-lco.ca\/wp-content\/uploads\/2023\/05\/back-of-truck-scaled.jpg","thumbnail_width":2560,"thumbnail_height":1920,"description":"Face \u00e0 la hausse choquante de la faim, le refuge pr\u00e9voit servir pr\u00e8s d\u2019un million de repas cette ann\u00e9e le 19 avril (Ottawa, ON) \u2013 Alors qu\u2019Ottawa entame sa troisi\u00e8me ann\u00e9e de lutte contre la pand\u00e9mie, La Mission d\u2019Ottawa a annonc\u00e9 l\u2019ajout d\u2019un deuxi\u00e8me camion repas et de 13 arr\u00eats de plus \u00e0 son programme..."}