{"id":11827,"date":"2023-02-01T11:53:41","date_gmt":"2023-02-01T16:53:41","guid":{"rendered":"https:\/\/www.och-lco.ca\/diversity-equity-inclusion\/"},"modified":"2023-09-20T12:50:43","modified_gmt":"2023-09-20T16:50:43","slug":"diversite-equite-inclusion","status":"publish","type":"page","link":"https:\/\/www.och-lco.ca\/fr\/renseignements-administratifs\/diversite-equite-inclusion\/","title":{"rendered":"Diversit\u00e9, \u00e9quit\u00e9 et inclusion"},"content":{"rendered":"\n<section class=\"section section--impact-area alignfull\" >\n  <div class=\"grid-container full fade-up-and-in\">\n    <div class=\"grid-x\">\n      <div class=\"cell medium-6\">\n                  <div class=\"impact-cell-inner text\">\n                          <h1>Diversit\u00e9, \u00e9quit\u00e9 <br>et inclusion<\/br><\/h1>\n                                      <h3>Nous nous effor\u00e7ons de repr\u00e9senter la diversit\u00e9 pr\u00e9sente au sein des communaut\u00e9s que nous desservons<\/h3>\n                                  <\/div>\n              <\/div>\n      <div class=\"cell medium-6\">\n                            <div class=\"impact-cell-inner image\">\n            <div class=\"impact-image\" style=\"background-image: url(https:\/\/www.och-lco.ca\/wp-content\/uploads\/2023\/06\/AdobeStock_176912892-1920x1280.jpeg); background-position: center center; background-size: cover; background-repeat: no-repeat;\"><\/div>\n          <\/div>\n                        <\/div>\n    <\/div>\n  <\/div>\n<\/section>\n\n\n\n<section class=\"section section--text-block alignfull bg-\" >\n  <div class=\"grid-container\">\n    <div class=\"grid-x grid-padding-x align-middle \">\n      <div class=\"cell text-left\">\n                                  <div >\n            <div class=\"elementor-element elementor-element-674acc8 elementor-widget elementor-widget-heading\" data-id=\"674acc8\" data-element_type=\"widget\" data-widget_type=\"heading.default\">\n<p class=\"elementor-widget-container\"><b><span lang=\"FR-CA\">En bref<\/span><\/b><\/p>\n<\/div>\n<div class=\"elementor-element elementor-element-a5554b3 elementor-widget elementor-widget-text-editor\" data-id=\"a5554b3\" data-element_type=\"widget\" data-widget_type=\"text-editor.default\">\n<div class=\"elementor-widget-container\">\n<p>\u00c0 la Soci\u00e9t\u00e9 de logement communautaire d\u2019Ottawa, nous nous effor\u00e7ons de repr\u00e9senter la diversit\u00e9 pr\u00e9sente au sein des communaut\u00e9s que nous desservons. Nous nous engageons \u00e0 faire participer les employ\u00e9.e.s \u00e0 la cr\u00e9ation d\u2019une culture d\u2019inclusion et d\u2019appartenance en milieu de travail, o\u00f9 chacun peut apporter son authenticit\u00e9 au travail et se sentir valoris\u00e9. Nos employ\u00e9.e.s viennent de tous les horizons, repr\u00e9sentent tous les genres, tous les groupes d\u2019\u00e2ge, toutes les orientations sexuelles, parlent une multitude de langues et partagent des exp\u00e9riences et des perspectives diff\u00e9rentes. Nous ne voudrions pas qu\u2019il en soit autrement.<\/p>\n<p>&nbsp;<\/p>\n<\/div>\n<\/div>\n<div class=\"elementor-element elementor-element-43e06f5 elementor-widget elementor-widget-heading\" data-id=\"43e06f5\" data-element_type=\"widget\" data-widget_type=\"heading.default\">\n<div class=\"elementor-widget-container\">\n<p class=\"elementor-heading-title elementor-size-default\"><strong>Vision<\/strong><\/p>\n<\/div>\n<\/div>\n<div class=\"elementor-element elementor-element-128df85 elementor-widget elementor-widget-text-editor\" data-id=\"128df85\" data-element_type=\"widget\" data-widget_type=\"text-editor.default\">\n<div class=\"elementor-widget-container\">\n<p>Favoriser une culture organisationnelle d\u2019inclusion et d\u2019appartenance, tout en repr\u00e9sentant la diversit\u00e9 pr\u00e9sente au sein des communaut\u00e9s que nous servons, ce qui nous permet de mieux comprendre et de mieux r\u00e9pondre \u00e0 leurs besoins.<\/p>\n<p>&nbsp;<\/p>\n<\/div>\n<\/div>\n<div class=\"elementor-element elementor-element-ad7e1d3 elementor-widget elementor-widget-heading\" data-id=\"ad7e1d3\" data-element_type=\"widget\" data-widget_type=\"heading.default\">\n<div class=\"elementor-widget-container\">\n<p class=\"elementor-heading-title elementor-size-default\"><strong>Mission<\/strong><\/p>\n<\/div>\n<\/div>\n<div class=\"elementor-element elementor-element-979bb43 elementor-widget elementor-widget-text-editor\" data-id=\"979bb43\" data-element_type=\"widget\" data-widget_type=\"text-editor.default\">\n<div class=\"elementor-widget-container\">\n<p>LCO s\u2019engage \u00e0 mettre l\u2019accent sur la diversit\u00e9, l\u2019\u00e9quit\u00e9 et l\u2019inclusion par le biais d\u2019initiatives internes visant \u00e0 faire participer les employ\u00e9.e.s et les dirigeant.e.s et d\u2019initiatives externes visant \u00e0 \u00e9tablir des partenariats et \u00e0 \u00e9tablir des liens avec les communaut\u00e9s de LCO.<\/p>\n<p>&nbsp;<\/p>\n<\/div>\n<\/div>\n<div class=\"elementor-element elementor-element-a77e367 elementor-widget elementor-widget-heading\" data-id=\"a77e367\" data-element_type=\"widget\" data-widget_type=\"heading.default\">\n<p class=\"elementor-widget-container\"><b><span lang=\"FR-CA\">Notre plan<\/span><\/b><\/p>\n<\/div>\n<div class=\"elementor-element elementor-element-1667f59 elementor-widget elementor-widget-text-editor\" data-id=\"1667f59\" data-element_type=\"widget\" data-widget_type=\"text-editor.default\">\n<div class=\"elementor-widget-container\">\n<p>LCO a \u00e9labor\u00e9 un plan pluriannuel officiel de diversit\u00e9, d\u2019\u00e9quit\u00e9 et d\u2019inclusion (DE&amp;I) parce qu\u2019il est important que l\u2019organisation refl\u00e8te les diverses communaut\u00e9s qu\u2019elle sert. Ce plan repose sur trois piliers cl\u00e9s :<\/p>\n<ul>\n<li>Attirer et acqu\u00e9rir une r\u00e9serve de talents diversifi\u00e9e<\/li>\n<li>\u00c9tablir et exploiter des partenariats pour favoriser le d\u00e9veloppement d\u2019un lieu de travail diversifi\u00e9 et inclusif.<\/li>\n<li>\u202fCr\u00e9er une culture d\u2019inclusion et d\u2019appartenance par le biais du leadership et de l\u2019engagement des employ\u00e9.e.s.<\/li>\n<\/ul>\n<p data-elementor-setting-key=\"title\" data-pen-placeholder=\"Type Here...\">Les initiatives internes visant \u00e0 mobiliser les employ\u00e9.e.s et les initiatives externes visant \u00e0 \u00e9tablir des liens avec les communaut\u00e9s de LCO et les partenaires universitaires continuent d\u2019\u00eatre d\u00e9velopp\u00e9es afin que nous puissions renouveler notre engagement quotidien \u00e0 continuer de b\u00e2tir des communaut\u00e9s plus s\u00e9curitaires, plus saines et plus inclusives.<\/p>\n<p data-elementor-setting-key=\"title\" data-pen-placeholder=\"Type Here...\">Ce travail continu permet \u00e0 l\u2019organisation de passer d\u2019une approche strictement ax\u00e9e sur la conformit\u00e9 \u00e0 une approche d\u2019inclusion et d\u2019appartenance gr\u00e2ce \u00e0 la sensibilisation, \u00e0 l\u2019engagement des employ\u00e9.e.s et \u00e0 une approche ax\u00e9e sur l\u2019inclusion.<\/p>\n<\/div>\n<\/div>\n          <\/div>\n                      <\/div>\n    <\/div>\n  <\/div>\n<\/section>\n\n\n\n<section class=\"section section--case-studies alignfull\" >\n  <div class=\"grid-container\">\n    <div class=\"grid-x grid-padding-x\">\n      <div class=\"cell case-studies-title\">\n                                      <h2>Initiatives cl\u00e9s<\/h2>\n                        <\/div>\n      <div class=\"cell medium-4\">\n                    <ul class=\"case-studies-nav\">\n                            <li><a href=\"#culture-institutionnelle\" class=\"is-active\">Culture institutionnelle<\/a><\/li>\n                              <li><a href=\"#apprentissage-et-developpement\" >Apprentissage et d\u00e9veloppement<\/a><\/li>\n                              <li><a href=\"#recrutement-retention-et-emploi\" >Recrutement, r\u00e9tention et emploi<\/a><\/li>\n                              <li><a href=\"#partenariats-communautaires\" >Partenariats communautaires <\/a><\/li>\n                          <\/ul>\n                  <\/div>\n      <div class=\"cell medium-8\">\n                    <div class=\"case-studies-wrapper\">\n                            <div class=\"case-study-single is-active\" data-case-study=\"culture-institutionnelle\" id=\"culture-institutionnelle\">\n                  <h3>Culture institutionnelle<\/h3>\n                                    <ul style=\"font-weight: 400;\">\n<li>Table des champions de la diversit\u00e9, l\u2019\u00e9quit\u00e9 et l\u2019inclusion<\/li>\n<li>Groupes de ressources des employ\u00e9.e.s<\/li>\n<\/ul>\n                                  <\/div>\n                              <div class=\"case-study-single \" data-case-study=\"apprentissage-et-developpement\" id=\"apprentissage-et-developpement\">\n                  <h3>Apprentissage et d\u00e9veloppement<\/h3>\n                                    <ul style=\"font-weight: 400;\">\n<li>Sessions de conf\u00e9rences internes pour le mois de l\u2019histoire et de l\u2019h\u00e9ritage des Noir.e.s<\/li>\n<li>Embauche d\u2019un consultant externe pour des s\u00e9ances de lutte contre le racisme avec le personnel et les dirigeant.e.s.<\/li>\n<li>Lancement d\u2019une formation obligatoire sur l\u2019inclusion et les pr\u00e9jug\u00e9s inconscients par le biais de notre programme d\u2019apprentissage en ligne.<\/li>\n<li>\u00c0 venir : Lancement d\u2019une bo\u00eete \u00e0 outils sur l\u2019inclusion (formation \u00e0 venir \u00e0 l\u2019automne 2022).<\/li>\n<\/ul>\n                                  <\/div>\n                              <div class=\"case-study-single \" data-case-study=\"recrutement-retention-et-emploi\" id=\"recrutement-retention-et-emploi\">\n                  <h3>Recrutement, r\u00e9tention et emploi<\/h3>\n                                    <ul style=\"font-weight: 400;\">\n<li>Examen des pratiques d\u2019embauche (affichage de postes plus inclusifs, page des carri\u00e8res de LCO, examen du processus d\u2019embauche).<\/li>\n<li>Ajout de questions sur la diversit\u00e9, l\u2019\u00e9quit\u00e9 et l\u2019inclusion dans le sondage sur l\u2019engagement des employ\u00e9.e.s afin de mieux comprendre comment les employ\u00e9.e.s vivent la diversit\u00e9, l\u2019\u00e9quit\u00e9 et l\u2019inclusion dans leur environnement de travail quotidien \u00e0 LCO.<\/li>\n<li>Int\u00e9gration d\u2019un langage neutre dans les conventions collectives et les contrats de travail<\/li>\n<li>Lancement de notre tout premier programme de soutien par les pairs.<\/li>\n<\/ul>\n                                  <\/div>\n                              <div class=\"case-study-single \" data-case-study=\"partenariats-communautaires\" id=\"partenariats-communautaires\">\n                  <h3>Partenariats communautaires <\/h3>\n                                    <ul>\n<li>Partenariat avec\u00a0<a href=\"https:\/\/www.cawi-ivtf.org\/fr\" target=\"_blank\" rel=\"noopener\">Initiative : Une ville pour toutes les femmes (IVTF)<\/a>\u00a0pour la sensibilisation communautaire \u00e0 la lutte contre le racisme.<\/li>\n<li>Partenariat avec le Coll\u00e8ge Algonquin sur le programme coop\u00e9ratif des m\u00e9tiersPr<\/li>\n<li>Programme\u00a0<a href=\"https:\/\/youth-futures.com\/fr\/\" target=\"_blank\" rel=\"noopener\">L\u2019avenir jeunesse<\/a><\/li>\n<\/ul>\n                                  <\/div>\n                          <\/div>\n                  <\/div>\n    <\/div>\n  <\/div>\n<\/section>\n\n\n\n<section class=\"section section--icon-callouts bg-property-grey-light alignfull\" >\n  <div class=\"grid-container\">\n    <div class=\"grid-x grid-padding-x align-center\">\n          <\/div>\n            <div class=\"grid-x grid-padding-x align-center icon-callouts-grid\">\n                      <div class=\"cell medium-4 text-center\">\n                <div class=\"icon-callout--inner\">\n                                      <!--<img loading=\"lazy\" decoding=\"async\" src=\"https:\/\/www.och-lco.ca\/wp-content\/uploads\/2023\/08\/noun-startup-1603342-1-blue.svg\" alt=\"Icon\" width=\"0\" height=\"0\">-->\n                    <img decoding=\"async\" src=\"https:\/\/www.och-lco.ca\/wp-content\/uploads\/2023\/08\/noun-startup-1603342-1-blue.svg\" class=\"attachment-full size-full\" alt=\"Icon\" \/>                                                                          <p>Dans un contexte \u00e9conomique qui pr\u00e9sente des d\u00e9fis, la Soci\u00e9t\u00e9 de logement communautaire d&rsquo;Ottawa (LCO) a r\u00e9ussi \u00e0 concilier son d\u00e9sir de rendre le monde meilleur et la n\u00e9cessit\u00e9 de mener des activit\u00e9s plus durables sur le plan financier. <\/p>\n                    \n                                    \t<a class=\"button\" href=\"https:\/\/www.och-lco.ca\/fr\/renseignements-administratifs\/environnement-developpement-durable\/\" target=\"_self\">Lisez le Plan vert<\/a>\n                                  <\/div>\n              <\/div>\n                            <div class=\"cell medium-4 text-center\">\n                <div class=\"icon-callout--inner\">\n                                      <!--<img loading=\"lazy\" decoding=\"async\" src=\"https:\/\/www.och-lco.ca\/wp-content\/uploads\/2023\/08\/noun-open-house-1604445-1-blue.svg\" alt=\"Icon\" width=\"0\" height=\"0\">-->\n                    <img decoding=\"async\" src=\"https:\/\/www.och-lco.ca\/wp-content\/uploads\/2023\/08\/noun-open-house-1604445-1-blue.svg\" class=\"attachment-full size-full\" alt=\"Icon\" \/>                                                                          <p>LCO dispose d&rsquo;une Strat\u00e9gie de d\u00e9veloppement qui d\u00e9crit les plans de construction d&rsquo;un plus grand nombre de logements abordables. Le Plan d\u00e9cennal de logement et de lutte contre l&rsquo;itin\u00e9rance de la Ville d&rsquo;Ottawa vise \u00e0 ce que LCO ajoute en moyenne 300 logements abordables par an. <\/p>\n                    \n                                    \t<a class=\"button\" href=\"https:\/\/www.och-lco.ca\/fr\/renseignements-administratifs\/strategie-de-developpement\/\" target=\"_self\">Lire le plan<\/a>\n                                  <\/div>\n              <\/div>\n                            <div class=\"cell medium-4 text-center\">\n                <div class=\"icon-callout--inner\">\n                                      <!--<img loading=\"lazy\" decoding=\"async\" src=\"https:\/\/www.och-lco.ca\/wp-content\/uploads\/2023\/08\/noun-chat-resized-blue.svg\" alt=\"Icon\" width=\"0\" height=\"0\">-->\n                    <img decoding=\"async\" src=\"https:\/\/www.och-lco.ca\/wp-content\/uploads\/2023\/08\/noun-chat-resized-blue.svg\" class=\"attachment-full size-full\" alt=\"Icon\" \/>                                                                          <p>D\u00e9couvrez les nombreuses fa\u00e7ons d&rsquo;entrer en contact avec le personnel de LCO.<\/p>\n                    \n                                    \t<a class=\"button\" href=\"https:\/\/www.och-lco.ca\/fr\/communiquez-avec-nous\/\" target=\"_self\">Communiquez avec nous<\/a>\n                                  <\/div>\n              <\/div>\n                        <\/div>\n            <\/div>\n<\/section>\n","protected":false},"excerpt":{"rendered":"","protected":false},"author":8,"featured_media":11229,"parent":11917,"menu_order":3,"comment_status":"closed","ping_status":"closed","template":"","meta":{"_acf_changed":false,"footnotes":""},"class_list":["post-11827","page","type-page","status-publish","has-post-thumbnail","hentry"],"acf":[],"_links":{"self":[{"href":"https:\/\/www.och-lco.ca\/fr\/wp-json\/wp\/v2\/pages\/11827","targetHints":{"allow":["GET"]}}],"collection":[{"href":"https:\/\/www.och-lco.ca\/fr\/wp-json\/wp\/v2\/pages"}],"about":[{"href":"https:\/\/www.och-lco.ca\/fr\/wp-json\/wp\/v2\/types\/page"}],"author":[{"embeddable":true,"href":"https:\/\/www.och-lco.ca\/fr\/wp-json\/wp\/v2\/users\/8"}],"replies":[{"embeddable":true,"href":"https:\/\/www.och-lco.ca\/fr\/wp-json\/wp\/v2\/comments?post=11827"}],"version-history":[{"count":0,"href":"https:\/\/www.och-lco.ca\/fr\/wp-json\/wp\/v2\/pages\/11827\/revisions"}],"up":[{"embeddable":true,"href":"https:\/\/www.och-lco.ca\/fr\/wp-json\/wp\/v2\/pages\/11917"}],"wp:featuredmedia":[{"embeddable":true,"href":"https:\/\/www.och-lco.ca\/fr\/wp-json\/wp\/v2\/media\/11229"}],"wp:attachment":[{"href":"https:\/\/www.och-lco.ca\/fr\/wp-json\/wp\/v2\/media?parent=11827"}],"curies":[{"name":"wp","href":"https:\/\/api.w.org\/{rel}","templated":true}]}}